{"id":132,"date":"2018-01-12T08:02:15","date_gmt":"2018-01-12T08:02:15","guid":{"rendered":"http:\/\/bridge129.qodeinteractive.com\/?page_id=132"},"modified":"2023-11-20T16:19:25","modified_gmt":"2023-11-20T15:19:25","slug":"les-dominicaines-du-saint-esprit","status":"publish","type":"page","link":"https:\/\/st-pie-x.dominicaines-du-saint-esprit.fr\/index.php\/les-dominicaines-du-saint-esprit\/","title":{"rendered":"Les Dominicaines du Saint-Esprit"},"content":{"rendered":"<p>[vc_row css_animation=\u00a0\u00bb\u00a0\u00bb row_type=\u00a0\u00bbrow\u00a0\u00bb use_row_as_full_screen_section=\u00a0\u00bbno\u00a0\u00bb type=\u00a0\u00bbgrid\u00a0\u00bb angled_section=\u00a0\u00bbno\u00a0\u00bb text_align=\u00a0\u00bbleft\u00a0\u00bb background_image_as_pattern=\u00a0\u00bbwithout_pattern\u00a0\u00bb padding_top=\u00a0\u00bb119&Prime; padding_bottom=\u00a0\u00bb87&Prime; z_index=\u00a0\u00bb\u00a0\u00bb css=\u00a0\u00bb.vc_custom_1515745451587{background-color: #ffffff !important;}\u00a0\u00bb][vc_column offset=\u00a0\u00bbvc_col-md-6&Prime;][vc_separator type=\u00a0\u00bbtransparent\u00a0\u00bb up=\u00a0\u00bb-18&Prime;][vc_column_text]<\/p>\n<h1><strong>Historique<\/strong><\/h1>\n<p>[\/vc_column_text][vc_separator type=\u00a0\u00bbsmall\u00a0\u00bb position=\u00a0\u00bbleft\u00a0\u00bb color=\u00a0\u00bb#fab012&Prime; thickness=\u00a0\u00bb4&Prime; width=\u00a0\u00bb48&Prime; up=\u00a0\u00bb17&Prime; down=\u00a0\u00bb27&Prime;][vc_column_text]<\/p>\n<p class=\"p1\"><span class=\"s1\">L\u2019Institut des Dominicaines du Saint-Esprit est une Soci\u00e9t\u00e9 de Vie Apostolique de droit pontifical de vierges consacr\u00e9es, vivant en commun, au sein de l\u2019Ordre de saint Dominique.<\/span><\/p>\n<p class=\"p1\"><span class=\"s1\">Il a \u00e9t\u00e9 agr\u00e9g\u00e9 \u00e0 l\u2019Ordre en 1943 \u00e0 la demande de l\u2019abb\u00e9 Victor-Alain Berto, pr\u00eatre du dioc\u00e8se de Vannes,\u00a0lui-m\u00eame tertiaire dominicain. <\/span><\/p>\n<p class=\"p1\"><span class=\"s1\">La\u00a0Maison M\u00e8re est install\u00e9e \u00e0 Pontcalec en Bretagne.<\/span><\/p>\n<p>[\/vc_column_text][vc_separator type=\u00a0\u00bbtransparent\u00a0\u00bb up=\u00a0\u00bb20&Prime;]<span class=\"separator_with_icon\" style='color:#fab012;'><i class=\"fa fa-caret-up\"><\/i><\/span>[vc_separator type=\u00a0\u00bbtransparent\u00a0\u00bb up=\u00a0\u00bb20&Prime;][vc_column_text]<\/p>\n<p class=\"p1\"><span class=\"s1\">Toute l\u2019\u0153uvre des Dominicaines du Saint-Esprit est confi\u00e9e \u00e0 la protection de Notre-Dame de Joie.<\/span><\/p>\n<p class=\"p2\"><span class=\"s1\">Les Dominicaines du Saint-Esprit puisent leur \u00e9lan apostolique au service de la V\u00e9rit\u00e9 dans les trois piliers de la vie dominicaine : vie fraternelle en communaut\u00e9, office au choeur selon la liturgie gr\u00e9gorienne, \u00e9tude et contemplation qui nourrissent et \u00e9clairent leur mission d\u2019\u00e9ducation et de formation\u00a0: selon la devise dominicaine, elles cherchent \u00e0 transmettre ce qu\u2019elles ont contempl\u00e9. A l\u2019imitation de Sainte Catherine de Sienne, leur c\u0153ur est romain. Aupr\u00e8s des enfants qui leur sont confi\u00e9s, elles repr\u00e9sentent l\u2019Eglise qui est M\u00e8re. <\/span><\/p>\n<p>[\/vc_column_text][vc_empty_space height=\u00a0\u00bb30px\u00a0\u00bb][\/vc_column][vc_column offset=\u00a0\u00bbvc_col-md-6&Prime;][vc_empty_space height=\u00a0\u00bb80px\u00a0\u00bb][vc_single_image image=\u00a0\u00bb645&Prime; img_size=\u00a0\u00bbfull\u00a0\u00bb alignment=\u00a0\u00bbcenter\u00a0\u00bb style=\u00a0\u00bbvc_box_shadow_border\u00a0\u00bb qode_css_animation=\u00a0\u00bb\u00a0\u00bb][vc_empty_space height=\u00a0\u00bb30px\u00a0\u00bb][\/vc_column][\/vc_row][vc_row css_animation=\u00a0\u00bb\u00a0\u00bb row_type=\u00a0\u00bbrow\u00a0\u00bb use_row_as_full_screen_section=\u00a0\u00bbno\u00a0\u00bb type=\u00a0\u00bbgrid\u00a0\u00bb angled_section=\u00a0\u00bbno\u00a0\u00bb text_align=\u00a0\u00bbleft\u00a0\u00bb background_image_as_pattern=\u00a0\u00bbwithout_pattern\u00a0\u00bb padding_top=\u00a0\u00bb119&Prime; padding_bottom=\u00a0\u00bb35&Prime; z_index=\u00a0\u00bb\u00a0\u00bb css=\u00a0\u00bb.vc_custom_1547219691489{background-color: #fff8ed !important;}\u00a0\u00bb][vc_column offset=\u00a0\u00bbvc_col-md-6&Prime;][vc_gallery type=\u00a0\u00bbflexslider_slide\u00a0\u00bb interval=\u00a0\u00bb5&Prime; images=\u00a0\u00bb651,1947,1953,1951&Prime; img_size=\u00a0\u00bbfull\u00a0\u00bb css=\u00a0\u00bb.vc_custom_1700493483274{margin-top: -40px !important;}\u00a0\u00bb][\/vc_column][vc_column offset=\u00a0\u00bbvc_col-md-6&Prime;][vc_column_text]<\/p>\n<h1><strong>La communaut\u00e9<\/strong><\/h1>\n<h1><strong>de Saint-Pie X<\/strong><\/h1>\n<p>[\/vc_column_text][vc_separator type=\u00a0\u00bbsmall\u00a0\u00bb position=\u00a0\u00bbleft\u00a0\u00bb color=\u00a0\u00bb#fab012&Prime; thickness=\u00a0\u00bb4&Prime; width=\u00a0\u00bb48&Prime; up=\u00a0\u00bb17&Prime; down=\u00a0\u00bb27&Prime;][vc_column_text]A Saint-Cloud, la communaut\u00e9 se compose de quatorze s\u0153urs, de comp\u00e9tence et d\u2019\u00e2ge vari\u00e9s.<\/p>\n<p>Elle occupe la maison voisine du b\u00e2timent de l\u2019\u00e9cole. La messe conventuelle et les offices sont c\u00e9l\u00e9br\u00e9s dans la chapelle qui fait jonction entre les lieux communautaires et scolaires <a href=\"https:\/\/st-pie-x.dominicaines-du-saint-esprit.fr\/index.php\/vie-spirituelle\/\">(horaires des offices)<\/a>[\/vc_column_text][\/vc_column][\/vc_row]<\/p>\n","protected":false},"excerpt":{"rendered":"<p>[vc_row css_animation=\u00a0\u00bb\u00a0\u00bb row_type=\u00a0\u00bbrow\u00a0\u00bb use_row_as_full_screen_section=\u00a0\u00bbno\u00a0\u00bb type=\u00a0\u00bbgrid\u00a0\u00bb angled_section=\u00a0\u00bbno\u00a0\u00bb text_align=\u00a0\u00bbleft\u00a0\u00bb background_image_as_pattern=\u00a0\u00bbwithout_pattern\u00a0\u00bb padding_top=\u00a0\u00bb119&Prime; padding_bottom=\u00a0\u00bb87&Prime; z_index=\u00a0\u00bb\u00a0\u00bb css=\u00a0\u00bb.vc_custom_1515745451587{background-color: #ffffff !important;}\u00a0\u00bb][vc_column offset=\u00a0\u00bbvc_col-md-6&Prime;][vc_separator type=\u00a0\u00bbtransparent\u00a0\u00bb up=\u00a0\u00bb-18&Prime;][vc_column_text] Historique [\/vc_column_text][vc_separator type=\u00a0\u00bbsmall\u00a0\u00bb position=\u00a0\u00bbleft\u00a0\u00bb color=\u00a0\u00bb#fab012&Prime; thickness=\u00a0\u00bb4&Prime; width=\u00a0\u00bb48&Prime; up=\u00a0\u00bb17&Prime; down=\u00a0\u00bb27&Prime;][vc_column_text] L\u2019Institut des Dominicaines du Saint-Esprit est une Soci\u00e9t\u00e9 de Vie Apostolique de droit pontifical de vierges consacr\u00e9es, vivant en&#8230;<\/p>\n","protected":false},"author":1,"featured_media":0,"parent":0,"menu_order":0,"comment_status":"closed","ping_status":"closed","template":"full_width.php","meta":[],"yoast_head":"<!-- This site is optimized with the Yoast SEO plugin v16.9 - https:\/\/yoast.com\/wordpress\/plugins\/seo\/ -->\n<meta name=\"robots\" content=\"index, follow, max-snippet:-1, max-image-preview:large, max-video-preview:-1\" \/>\n<link rel=\"canonical\" href=\"https:\/\/st-pie-x.dominicaines-du-saint-esprit.fr\/index.php\/les-dominicaines-du-saint-esprit\/\" \/>\n<meta property=\"og:locale\" content=\"fr_FR\" \/>\n<meta property=\"og:type\" content=\"article\" \/>\n<meta property=\"og:title\" content=\"Les Dominicaines du Saint-Esprit - Institution Saint-Pie X\" \/>\n<meta property=\"og:description\" content=\"[vc_row css_animation=\u00a0\u00bb\u00a0\u00bb row_type=\u00a0\u00bbrow\u00a0\u00bb use_row_as_full_screen_section=\u00a0\u00bbno\u00a0\u00bb type=\u00a0\u00bbgrid\u00a0\u00bb angled_section=\u00a0\u00bbno\u00a0\u00bb text_align=\u00a0\u00bbleft\u00a0\u00bb background_image_as_pattern=\u00a0\u00bbwithout_pattern\u00a0\u00bb padding_top=\u00a0\u00bb119&Prime; padding_bottom=\u00a0\u00bb87&Prime; z_index=\u00a0\u00bb\u00a0\u00bb css=\u00a0\u00bb.vc_custom_1515745451587{background-color: #ffffff !important;}\u00a0\u00bb][vc_column offset=\u00a0\u00bbvc_col-md-6&Prime;][vc_separator type=\u00a0\u00bbtransparent\u00a0\u00bb up=\u00a0\u00bb-18&Prime;][vc_column_text] Historique [\/vc_column_text][vc_separator type=\u00a0\u00bbsmall\u00a0\u00bb position=\u00a0\u00bbleft\u00a0\u00bb color=\u00a0\u00bb#fab012&Prime; thickness=\u00a0\u00bb4&Prime; width=\u00a0\u00bb48&Prime; up=\u00a0\u00bb17&Prime; down=\u00a0\u00bb27&Prime;][vc_column_text] L\u2019Institut des Dominicaines du Saint-Esprit est une Soci\u00e9t\u00e9 de Vie Apostolique de droit pontifical de vierges consacr\u00e9es, vivant en...\" \/>\n<meta property=\"og:url\" content=\"https:\/\/st-pie-x.dominicaines-du-saint-esprit.fr\/index.php\/les-dominicaines-du-saint-esprit\/\" \/>\n<meta property=\"og:site_name\" content=\"Institution Saint-Pie X\" \/>\n<meta property=\"article:modified_time\" content=\"2023-11-20T15:19:25+00:00\" \/>\n<meta name=\"twitter:card\" content=\"summary_large_image\" \/>\n<meta name=\"twitter:label1\" content=\"Dur\u00e9e de lecture est.\" \/>\n\t<meta name=\"twitter:data1\" content=\"2 minutes\" \/>\n<script type=\"application\/ld+json\" class=\"yoast-schema-graph\">{\"@context\":\"https:\/\/schema.org\",\"@graph\":[{\"@type\":\"Organization\",\"@id\":\"https:\/\/st-pie-x.dominicaines-du-saint-esprit.fr\/#organization\",\"name\":\"Institution Saint-Pie X\",\"url\":\"https:\/\/st-pie-x.dominicaines-du-saint-esprit.fr\/\",\"sameAs\":[],\"logo\":{\"@type\":\"ImageObject\",\"@id\":\"https:\/\/st-pie-x.dominicaines-du-saint-esprit.fr\/#logo\",\"inLanguage\":\"fr-FR\",\"url\":\"https:\/\/st-pie-x.dominicaines-du-saint-esprit.fr\/wp-content\/uploads\/2018\/10\/logo-dominicaines.png\",\"contentUrl\":\"https:\/\/st-pie-x.dominicaines-du-saint-esprit.fr\/wp-content\/uploads\/2018\/10\/logo-dominicaines.png\",\"width\":90,\"height\":120,\"caption\":\"Institution Saint-Pie X\"},\"image\":{\"@id\":\"https:\/\/st-pie-x.dominicaines-du-saint-esprit.fr\/#logo\"}},{\"@type\":\"WebSite\",\"@id\":\"https:\/\/st-pie-x.dominicaines-du-saint-esprit.fr\/#website\",\"url\":\"https:\/\/st-pie-x.dominicaines-du-saint-esprit.fr\/\",\"name\":\"Institution Saint-Pie X\",\"description\":\"Dominicaines du Saint-Esprit\",\"publisher\":{\"@id\":\"https:\/\/st-pie-x.dominicaines-du-saint-esprit.fr\/#organization\"},\"potentialAction\":[{\"@type\":\"SearchAction\",\"target\":{\"@type\":\"EntryPoint\",\"urlTemplate\":\"https:\/\/st-pie-x.dominicaines-du-saint-esprit.fr\/?s={search_term_string}\"},\"query-input\":\"required name=search_term_string\"}],\"inLanguage\":\"fr-FR\"},{\"@type\":\"WebPage\",\"@id\":\"https:\/\/st-pie-x.dominicaines-du-saint-esprit.fr\/index.php\/les-dominicaines-du-saint-esprit\/#webpage\",\"url\":\"https:\/\/st-pie-x.dominicaines-du-saint-esprit.fr\/index.php\/les-dominicaines-du-saint-esprit\/\",\"name\":\"Les Dominicaines du Saint-Esprit - Institution Saint-Pie X\",\"isPartOf\":{\"@id\":\"https:\/\/st-pie-x.dominicaines-du-saint-esprit.fr\/#website\"},\"datePublished\":\"2018-01-12T08:02:15+00:00\",\"dateModified\":\"2023-11-20T15:19:25+00:00\",\"breadcrumb\":{\"@id\":\"https:\/\/st-pie-x.dominicaines-du-saint-esprit.fr\/index.php\/les-dominicaines-du-saint-esprit\/#breadcrumb\"},\"inLanguage\":\"fr-FR\",\"potentialAction\":[{\"@type\":\"ReadAction\",\"target\":[\"https:\/\/st-pie-x.dominicaines-du-saint-esprit.fr\/index.php\/les-dominicaines-du-saint-esprit\/\"]}]},{\"@type\":\"BreadcrumbList\",\"@id\":\"https:\/\/st-pie-x.dominicaines-du-saint-esprit.fr\/index.php\/les-dominicaines-du-saint-esprit\/#breadcrumb\",\"itemListElement\":[{\"@type\":\"ListItem\",\"position\":1,\"name\":\"Accueil\",\"item\":\"https:\/\/st-pie-x.dominicaines-du-saint-esprit.fr\/\"},{\"@type\":\"ListItem\",\"position\":2,\"name\":\"Les Dominicaines du Saint-Esprit\"}]}]}<\/script>\n<!-- \/ Yoast SEO plugin. -->","yoast_head_json":{"robots":{"index":"index","follow":"follow","max-snippet":"max-snippet:-1","max-image-preview":"max-image-preview:large","max-video-preview":"max-video-preview:-1"},"canonical":"https:\/\/st-pie-x.dominicaines-du-saint-esprit.fr\/index.php\/les-dominicaines-du-saint-esprit\/","og_locale":"fr_FR","og_type":"article","og_title":"Les Dominicaines du Saint-Esprit - Institution Saint-Pie X","og_description":"[vc_row css_animation=\u00a0\u00bb\u00a0\u00bb row_type=\u00a0\u00bbrow\u00a0\u00bb use_row_as_full_screen_section=\u00a0\u00bbno\u00a0\u00bb type=\u00a0\u00bbgrid\u00a0\u00bb angled_section=\u00a0\u00bbno\u00a0\u00bb text_align=\u00a0\u00bbleft\u00a0\u00bb background_image_as_pattern=\u00a0\u00bbwithout_pattern\u00a0\u00bb padding_top=\u00a0\u00bb119&Prime; padding_bottom=\u00a0\u00bb87&Prime; z_index=\u00a0\u00bb\u00a0\u00bb css=\u00a0\u00bb.vc_custom_1515745451587{background-color: #ffffff !important;}\u00a0\u00bb][vc_column offset=\u00a0\u00bbvc_col-md-6&Prime;][vc_separator type=\u00a0\u00bbtransparent\u00a0\u00bb up=\u00a0\u00bb-18&Prime;][vc_column_text] Historique [\/vc_column_text][vc_separator type=\u00a0\u00bbsmall\u00a0\u00bb position=\u00a0\u00bbleft\u00a0\u00bb color=\u00a0\u00bb#fab012&Prime; thickness=\u00a0\u00bb4&Prime; width=\u00a0\u00bb48&Prime; up=\u00a0\u00bb17&Prime; down=\u00a0\u00bb27&Prime;][vc_column_text] L\u2019Institut des Dominicaines du Saint-Esprit est une Soci\u00e9t\u00e9 de Vie Apostolique de droit pontifical de vierges consacr\u00e9es, vivant en...","og_url":"https:\/\/st-pie-x.dominicaines-du-saint-esprit.fr\/index.php\/les-dominicaines-du-saint-esprit\/","og_site_name":"Institution Saint-Pie X","article_modified_time":"2023-11-20T15:19:25+00:00","twitter_card":"summary_large_image","twitter_misc":{"Dur\u00e9e de lecture est.":"2 minutes"},"schema":{"@context":"https:\/\/schema.org","@graph":[{"@type":"Organization","@id":"https:\/\/st-pie-x.dominicaines-du-saint-esprit.fr\/#organization","name":"Institution Saint-Pie X","url":"https:\/\/st-pie-x.dominicaines-du-saint-esprit.fr\/","sameAs":[],"logo":{"@type":"ImageObject","@id":"https:\/\/st-pie-x.dominicaines-du-saint-esprit.fr\/#logo","inLanguage":"fr-FR","url":"https:\/\/st-pie-x.dominicaines-du-saint-esprit.fr\/wp-content\/uploads\/2018\/10\/logo-dominicaines.png","contentUrl":"https:\/\/st-pie-x.dominicaines-du-saint-esprit.fr\/wp-content\/uploads\/2018\/10\/logo-dominicaines.png","width":90,"height":120,"caption":"Institution Saint-Pie X"},"image":{"@id":"https:\/\/st-pie-x.dominicaines-du-saint-esprit.fr\/#logo"}},{"@type":"WebSite","@id":"https:\/\/st-pie-x.dominicaines-du-saint-esprit.fr\/#website","url":"https:\/\/st-pie-x.dominicaines-du-saint-esprit.fr\/","name":"Institution Saint-Pie X","description":"Dominicaines du Saint-Esprit","publisher":{"@id":"https:\/\/st-pie-x.dominicaines-du-saint-esprit.fr\/#organization"},"potentialAction":[{"@type":"SearchAction","target":{"@type":"EntryPoint","urlTemplate":"https:\/\/st-pie-x.dominicaines-du-saint-esprit.fr\/?s={search_term_string}"},"query-input":"required name=search_term_string"}],"inLanguage":"fr-FR"},{"@type":"WebPage","@id":"https:\/\/st-pie-x.dominicaines-du-saint-esprit.fr\/index.php\/les-dominicaines-du-saint-esprit\/#webpage","url":"https:\/\/st-pie-x.dominicaines-du-saint-esprit.fr\/index.php\/les-dominicaines-du-saint-esprit\/","name":"Les Dominicaines du Saint-Esprit - Institution Saint-Pie X","isPartOf":{"@id":"https:\/\/st-pie-x.dominicaines-du-saint-esprit.fr\/#website"},"datePublished":"2018-01-12T08:02:15+00:00","dateModified":"2023-11-20T15:19:25+00:00","breadcrumb":{"@id":"https:\/\/st-pie-x.dominicaines-du-saint-esprit.fr\/index.php\/les-dominicaines-du-saint-esprit\/#breadcrumb"},"inLanguage":"fr-FR","potentialAction":[{"@type":"ReadAction","target":["https:\/\/st-pie-x.dominicaines-du-saint-esprit.fr\/index.php\/les-dominicaines-du-saint-esprit\/"]}]},{"@type":"BreadcrumbList","@id":"https:\/\/st-pie-x.dominicaines-du-saint-esprit.fr\/index.php\/les-dominicaines-du-saint-esprit\/#breadcrumb","itemListElement":[{"@type":"ListItem","position":1,"name":"Accueil","item":"https:\/\/st-pie-x.dominicaines-du-saint-esprit.fr\/"},{"@type":"ListItem","position":2,"name":"Les Dominicaines du Saint-Esprit"}]}]}},"_links":{"self":[{"href":"https:\/\/st-pie-x.dominicaines-du-saint-esprit.fr\/index.php\/wp-json\/wp\/v2\/pages\/132"}],"collection":[{"href":"https:\/\/st-pie-x.dominicaines-du-saint-esprit.fr\/index.php\/wp-json\/wp\/v2\/pages"}],"about":[{"href":"https:\/\/st-pie-x.dominicaines-du-saint-esprit.fr\/index.php\/wp-json\/wp\/v2\/types\/page"}],"author":[{"embeddable":true,"href":"https:\/\/st-pie-x.dominicaines-du-saint-esprit.fr\/index.php\/wp-json\/wp\/v2\/users\/1"}],"replies":[{"embeddable":true,"href":"https:\/\/st-pie-x.dominicaines-du-saint-esprit.fr\/index.php\/wp-json\/wp\/v2\/comments?post=132"}],"version-history":[{"count":17,"href":"https:\/\/st-pie-x.dominicaines-du-saint-esprit.fr\/index.php\/wp-json\/wp\/v2\/pages\/132\/revisions"}],"predecessor-version":[{"id":1956,"href":"https:\/\/st-pie-x.dominicaines-du-saint-esprit.fr\/index.php\/wp-json\/wp\/v2\/pages\/132\/revisions\/1956"}],"wp:attachment":[{"href":"https:\/\/st-pie-x.dominicaines-du-saint-esprit.fr\/index.php\/wp-json\/wp\/v2\/media?parent=132"}],"curies":[{"name":"wp","href":"https:\/\/api.w.org\/{rel}","templated":true}]}}